{"id":13766,"date":"2023-03-09T14:22:19","date_gmt":"2023-03-09T14:22:19","guid":{"rendered":"https:\/\/eurotripas.es\/politica-de-privacidad\/"},"modified":"2023-03-09T14:41:48","modified_gmt":"2023-03-09T14:41:48","slug":"politica-de-privacidad","status":"publish","type":"page","link":"https:\/\/eurotripas.es\/ca\/politica-de-privacidad\/","title":{"rendered":"Pol\u00edtica De Privacitat"},"content":{"rendered":"\n<p><strong>RESPONSABLE DEL TRACTAMENT<\/strong><\/p>\n\n\n\n<p>L\u2019empresa responsable del tractament de les seves dades en virtut d\u2019aquesta Pol\u00edtica de privacitat \u00e9s:EUROTRIPAS, S.L.<\/p>\n\n\n\n<ul class=\"wp-block-list\">\n<li>NIF: B66153891<\/li>\n\n\n\n<li>Domicili: Cam\u00ed de Tona (Pol. Ind. Ca l\u2019Avellanet), 31-08.554 Sant Miquel de Balany\u00e0, Seva (Barcelona)<\/li>\n\n\n\n<li>Adre\u00e7a de correu electr\u00f2nic: info@eurotripas.es<\/li>\n\n\n\n<li>Web: www.eurotripas.es<\/li>\n\n\n\n<li>Tel\u00e8fon: 938125818<\/li>\n\n\n\n<li>Inscrita en el Registre Mercantil de Registre Mercantil de Barcelona, Inscripci\u00f3 1a, Full B-317.838, Volum 38079<\/li>\n<\/ul>\n\n\n\n<p>En EUROTRIPAS, S.L., reconeixem la import\u00e0ncia de protegir la seva informaci\u00f3 personal i estem compromesos a tractar-la amb responsabilitat i de conformitat amb les lleis de protecci\u00f3 de dades.<\/p>\n\n\n\n<p>La present pol\u00edtica de privacitat pret\u00e9n regular tots els aspectes relatius al tractament de dades dels diferents usuaris que naveguen o faciliten les seves dades personals a trav\u00e9s dels diferents formularis situats al web.<\/p>\n\n\n\n<p><strong>Dades Personals<\/strong><\/p>\n\n\n\n<p>Una dada personal, \u00e9s la informaci\u00f3 que l\u2019identifica o li fa identificable. A trav\u00e9s del web, en les caselles establertes a l\u2019efecte recollim les dades personals que l\u2019usuari ens comunica: Nom, cognoms, correu electr\u00f2nic, tel\u00e8fon, adre\u00e7a postal, poblaci\u00f3, etc.<\/p>\n\n\n\n<p>La visita de l\u2019usuari a la web no implica que hagi de facilitar cap informaci\u00f3 sobre les seves dades personals. No obstant aix\u00f2, en cas de facilitar-los, les dades seran tractades de forma l\u00edcita amb subjecci\u00f3 en tot moment als principis i drets recollits en el RGPD 2016\/679 de 27 d\u2019abril de 2016 i la LOPDGDD 3\/2018 del 5 de desembre.<\/p>\n\n\n\n<p><strong>Finalitat, durada i legitimaci\u00f3 del tractament:<\/strong><\/p>\n\n\n\n<p>Les dades que l\u2019usuari ens proporcioni els tractarem amb les seg\u00fcents finalitats:<\/p>\n\n\n\n<ul class=\"wp-block-list\">\n<li>Atendre la sol\u00b7licitud o petici\u00f3 realitzada per l\u2019usuari a trav\u00e9s del formulari de contacte situat a la web. Recollim i tractem les dades personals de l\u2019usuari per poder tramitar i gestionar la seva sol\u00b7licitud, una consulta o qualsevol petici\u00f3 que realitza a trav\u00e9s d\u2019aquest formulari. Aquestes dades les conservarem durant el temps necessari per a complir la seva petici\u00f3 i durant el temps establert per la llei amb una durada m\u00ednima de 3 anys. La base de legitimaci\u00f3 del tractament de les dades ser\u00e0 el consentiment que atorga l\u2019usuari en seleccionar la casella d\u2019acceptaci\u00f3 de la nostra pol\u00edtica de privacitat abans d\u2019enviar la petici\u00f3. L\u2019usuari t\u00e9 dret a revocar el seu consentiment en qualsevol moment sense que aix\u00f2 afecti la licitud del tractament basat en el consentiment previ a la seva retirada.<\/li>\n\n\n\n<li>Millorar la seva experi\u00e8ncia en navegar per la web. Aquestes dades les conservarem mentre l\u2019usuari no revoqui el seu consentiment al tractament dels mateixos eliminant les galetes i durant el temps establert per la llei amb una durada m\u00ednima de 3 anys. La base leg\u00edtima per millorar la vostra en navegar per la web \u00e9s el consentiment que atorga l\u2019usuari en acceptar les galetes. L\u2019usuari t\u00e9 dret a revocar el seu consentiment en qualsevol moment sense que aix\u00f2 afecti la licitud del tractament basat en el consentiment previ a la seva retirada.<\/li>\n<\/ul>\n\n\n\n<p><strong>Cessi\u00f3 o comunicaci\u00f3 de dades personals i transfer\u00e8ncies internacionals:<\/strong><\/p>\n\n\n\n<p>Les seves dades no es comunicaran ni seran cedides a tercers llevat que hi hagi alguna obligaci\u00f3 legal o aquells prestadors vinculats al responsable que actuen com a encarregats del tractament.<\/p>\n\n\n\n<p>No es realitzen transfer\u00e8ncies internacionals, per al cas en que en algun moment puguin realitzar-se, se li comunicaran amb l\u2019objecte d\u2019obtenir el seu consentiment.<\/p>\n\n\n\n<p><strong>Actualitzaci\u00f3 de dades<\/strong><\/p>\n\n\n\n<p>\u00c9s important que perqu\u00e8 puguem mantenir les dades personals actualitzades, l\u2019usuari ens informi sempre que hagi hagut alguna modificaci\u00f3 en ells, en cas contrari, no responem de la veracitat dels mateixos. L\u2019usuari garanteix que les dades personals facilitades s\u00f3n veraces garantint que tota la informaci\u00f3 facilitada correspon amb la situaci\u00f3 real, que est\u00e0 posada al dia i \u00e9s exacta, quedant obligat a comunicar qualsevol modificaci\u00f3.<\/p>\n\n\n\n<p><strong>Dades de tercers<\/strong><\/p>\n\n\n\n<p>Si l\u2019usuari facilita dades de terceres persones per a qualsevol finalitat a EUROTRIPAS, S.L., garanteix que ha obtingut aquestes dades de manera l\u00edcita, que ha informat pr\u00e8viament als afectats, obtenint el seu consentiment per comunicar i que la informaci\u00f3 facilitada \u00e9s exacta i vera\u00e7.<\/p>\n\n\n\n<p><strong>Car\u00e0cter obligatori de la informaci\u00f3 sol\u00b7licitada<\/strong><\/p>\n\n\n\n<p>Tots els nostres formularis compten amb un asterisc (*) en les dades obligat\u00f2ries. Si l\u2019usuari no facilita aquests camps, o no marca la casella d\u2019acceptaci\u00f3 de la pol\u00edtica de privacitat, no es permetr\u00e0 l\u2019enviament de la informaci\u00f3.<\/p>\n\n\n\n<p><strong>Drets dels interessats:<\/strong><\/p>\n\n\n\n<p>T\u00e9 dret a accedir a les seves dades i a obtenir confirmaci\u00f3 sobre el seu tractament, aix\u00ed com una c\u00f2pia de les dades personals objecte de tractament. T\u00e9 dret a actualitzar-los i sol\u00b7licitar la rectificaci\u00f3 de les dades que siguin inexactes o sol\u00b7licitar la supressi\u00f3 quan les dades no siguin necessaris per als fins per als quals van ser recollides. Pot sol\u00b7licitar la limitaci\u00f3 en el tractament de les seves dades i oposar-se al tractament de les mateixes revocant el seu consentiment, aix\u00ed com exercir el dret a la portabilitat de les dades. De la mateixa manera, t\u00e9 dret a no ser objecte de decisions basades \u00fanicament en el tractament automatitzat de les seves dades personals. Pot exercir els seus drets contactant amb nosaltres Cam\u00ed de Tona (Pol. Ind. Ca l\u2019Avellanet), 31-08.554 Sant Miquel de Balany\u00e0, Seva (Barcelona). E-mail: info@eurotripas.es<\/p>\n\n\n\n<p>Si considera que els seus drets no s\u2019han at\u00e8s degudament, t\u00e9 dret a presentar una reclamaci\u00f3 davant la<\/p>\n\n\n\n<p>Ag\u00e8ncia Espanyola de Protecci\u00f3 de Dades <a href=\"http:\/\/www.aepd.es\/\">www.aepd.es<\/a><\/p>\n\n\n\n<p><strong>Tractament de dades de Menors d\u2019edat<\/strong><\/p>\n\n\n\n<p>Qui facilita les dades a trav\u00e9s dels formularis d\u2019aquest web i accepta el seu tractament declara ser major de 14 anys, quedant prohibit l\u2019acc\u00e9s i \u00fas del portal a menors d\u2019aquesta edat. Si en algun moment, el Responsable detecta que un menor de 14 anys ha proporcionat dades de car\u00e0cter personal, procedirem a la cancel\u00b7laci\u00f3 dels mateixos. Aix\u00ed mateix, els pares o tutors podran en qualsevol cas dirigir-se a EUROTRIPAS, S.L. per bloquejar el compte d\u2019acc\u00e9s dels menors al seu c\u00e0rrec que s\u2019haguessin registrat falsejant la seva identitat.<\/p>\n\n\n\n<p><strong>Tractament de Cookies:<\/strong><\/p>\n\n\n\n<p>Una galeta \u00e9s un petit arxiu que es descarrega i s\u2019emmagatzema a l\u2019ordinador de l\u2019usuari quan aquest accedeix a una p\u00e0gina web. Les galetes permeten a la web, entre altres coses, emmagatzemar i recuperar informaci\u00f3 sobre els h\u00e0bits de navegaci\u00f3 de l\u2019usuari o del seu equip i, depenent de la informaci\u00f3 que continguin i de la forma en qu\u00e8 utilitzi el seu equip, es poden utilitzar per recon\u00e8ixer a l\u2019usuari .<\/p>\n\n\n\n<p>L\u2019usuari t\u00e9 l\u2019opci\u00f3 d\u2019impedir la generaci\u00f3 de cookies, mitjan\u00e7ant la selecci\u00f3 de la corresponent opci\u00f3 en el seu programa de navegador. Podeu obtenir m\u00e9s informaci\u00f3 llegint la nostra <a href=\"http:\/\/www.eurotripas.es\/index.php\/politica-de-cookies\/\">Pol\u00edtica de Cookies<\/a>.<\/p>\n","protected":false},"excerpt":{"rendered":"<p>RESPONSABLE DEL TRACTAMENT L\u2019empresa responsable del tractament de les seves dades en virtut d\u2019aquesta Pol\u00edtica de privacitat \u00e9s:EUROTRIPAS, S.L. En EUROTRIPAS, S.L., reconeixem la import\u00e0ncia de protegir la seva informaci\u00f3 personal i estem compromesos a tractar-la amb responsabilitat i de conformitat amb les lleis de protecci\u00f3 de dades. La present pol\u00edtica de privacitat pret\u00e9n regular [&hellip;]<\/p>\n","protected":false},"author":1,"featured_media":0,"parent":0,"menu_order":0,"comment_status":"closed","ping_status":"closed","template":"","meta":{"footnotes":""},"class_list":["post-13766","page","type-page","status-publish","hentry"],"yoast_head":"<!-- This site is optimized with the Yoast SEO plugin v23.7 - https:\/\/yoast.com\/wordpress\/plugins\/seo\/ -->\n<title>Pol\u00edtica De Privacitat - Eurotripas<\/title>\n<meta name=\"robots\" content=\"index, follow, max-snippet:-1, max-image-preview:large, max-video-preview:-1\" \/>\n<link rel=\"canonical\" href=\"https:\/\/eurotripas.es\/ca\/politica-de-privacidad\/\" \/>\n<meta property=\"og:locale\" content=\"ca_ES\" \/>\n<meta property=\"og:type\" content=\"article\" \/>\n<meta property=\"og:title\" content=\"Pol\u00edtica De Privacitat - Eurotripas\" \/>\n<meta property=\"og:description\" content=\"RESPONSABLE DEL TRACTAMENT L\u2019empresa responsable del tractament de les seves dades en virtut d\u2019aquesta Pol\u00edtica de privacitat \u00e9s:EUROTRIPAS, S.L. En EUROTRIPAS, S.L., reconeixem la import\u00e0ncia de protegir la seva informaci\u00f3 personal i estem compromesos a tractar-la amb responsabilitat i de conformitat amb les lleis de protecci\u00f3 de dades. La present pol\u00edtica de privacitat pret\u00e9n regular [&hellip;]\" \/>\n<meta property=\"og:url\" content=\"https:\/\/eurotripas.es\/ca\/politica-de-privacidad\/\" \/>\n<meta property=\"og:site_name\" content=\"Eurotripas\" \/>\n<meta property=\"article:modified_time\" content=\"2023-03-09T14:41:48+00:00\" \/>\n<meta name=\"twitter:card\" content=\"summary_large_image\" \/>\n<meta name=\"twitter:label1\" content=\"Temps estimat de lectura\" \/>\n\t<meta name=\"twitter:data1\" content=\"6 minuts\" \/>\n<script type=\"application\/ld+json\" class=\"yoast-schema-graph\">{\"@context\":\"https:\/\/schema.org\",\"@graph\":[{\"@type\":\"WebPage\",\"@id\":\"https:\/\/eurotripas.es\/ca\/politica-de-privacidad\/\",\"url\":\"https:\/\/eurotripas.es\/ca\/politica-de-privacidad\/\",\"name\":\"Pol\u00edtica De Privacitat - Eurotripas\",\"isPartOf\":{\"@id\":\"https:\/\/eurotripas.es\/es\/#website\"},\"datePublished\":\"2023-03-09T14:22:19+00:00\",\"dateModified\":\"2023-03-09T14:41:48+00:00\",\"breadcrumb\":{\"@id\":\"https:\/\/eurotripas.es\/ca\/politica-de-privacidad\/#breadcrumb\"},\"inLanguage\":\"ca\",\"potentialAction\":[{\"@type\":\"ReadAction\",\"target\":[\"https:\/\/eurotripas.es\/ca\/politica-de-privacidad\/\"]}]},{\"@type\":\"BreadcrumbList\",\"@id\":\"https:\/\/eurotripas.es\/ca\/politica-de-privacidad\/#breadcrumb\",\"itemListElement\":[{\"@type\":\"ListItem\",\"position\":1,\"name\":\"Portada\",\"item\":\"https:\/\/eurotripas.es\/fr\/\"},{\"@type\":\"ListItem\",\"position\":2,\"name\":\"Pol\u00edtica De Privacitat\"}]},{\"@type\":\"WebSite\",\"@id\":\"https:\/\/eurotripas.es\/es\/#website\",\"url\":\"https:\/\/eurotripas.es\/es\/\",\"name\":\"Eurotripas\",\"description\":\"Calidad y experiencia\",\"publisher\":{\"@id\":\"https:\/\/eurotripas.es\/es\/#organization\"},\"potentialAction\":[{\"@type\":\"SearchAction\",\"target\":{\"@type\":\"EntryPoint\",\"urlTemplate\":\"https:\/\/eurotripas.es\/es\/?s={search_term_string}\"},\"query-input\":{\"@type\":\"PropertyValueSpecification\",\"valueRequired\":true,\"valueName\":\"search_term_string\"}}],\"inLanguage\":\"ca\"},{\"@type\":\"Organization\",\"@id\":\"https:\/\/eurotripas.es\/es\/#organization\",\"name\":\"Eurotripas\",\"url\":\"https:\/\/eurotripas.es\/es\/\",\"logo\":{\"@type\":\"ImageObject\",\"inLanguage\":\"ca\",\"@id\":\"https:\/\/eurotripas.es\/es\/#\/schema\/logo\/image\/\",\"url\":\"https:\/\/eurotripas.es\/wp-content\/uploads\/2023\/02\/LOGO-Eurotripas-png.png\",\"contentUrl\":\"https:\/\/eurotripas.es\/wp-content\/uploads\/2023\/02\/LOGO-Eurotripas-png.png\",\"width\":540,\"height\":266,\"caption\":\"Eurotripas\"},\"image\":{\"@id\":\"https:\/\/eurotripas.es\/es\/#\/schema\/logo\/image\/\"}}]}<\/script>\n<!-- \/ Yoast SEO plugin. -->","yoast_head_json":{"title":"Pol\u00edtica De Privacitat - Eurotripas","robots":{"index":"index","follow":"follow","max-snippet":"max-snippet:-1","max-image-preview":"max-image-preview:large","max-video-preview":"max-video-preview:-1"},"canonical":"https:\/\/eurotripas.es\/ca\/politica-de-privacidad\/","og_locale":"ca_ES","og_type":"article","og_title":"Pol\u00edtica De Privacitat - Eurotripas","og_description":"RESPONSABLE DEL TRACTAMENT L\u2019empresa responsable del tractament de les seves dades en virtut d\u2019aquesta Pol\u00edtica de privacitat \u00e9s:EUROTRIPAS, S.L. En EUROTRIPAS, S.L., reconeixem la import\u00e0ncia de protegir la seva informaci\u00f3 personal i estem compromesos a tractar-la amb responsabilitat i de conformitat amb les lleis de protecci\u00f3 de dades. La present pol\u00edtica de privacitat pret\u00e9n regular [&hellip;]","og_url":"https:\/\/eurotripas.es\/ca\/politica-de-privacidad\/","og_site_name":"Eurotripas","article_modified_time":"2023-03-09T14:41:48+00:00","twitter_card":"summary_large_image","twitter_misc":{"Temps estimat de lectura":"6 minuts"},"schema":{"@context":"https:\/\/schema.org","@graph":[{"@type":"WebPage","@id":"https:\/\/eurotripas.es\/ca\/politica-de-privacidad\/","url":"https:\/\/eurotripas.es\/ca\/politica-de-privacidad\/","name":"Pol\u00edtica De Privacitat - Eurotripas","isPartOf":{"@id":"https:\/\/eurotripas.es\/es\/#website"},"datePublished":"2023-03-09T14:22:19+00:00","dateModified":"2023-03-09T14:41:48+00:00","breadcrumb":{"@id":"https:\/\/eurotripas.es\/ca\/politica-de-privacidad\/#breadcrumb"},"inLanguage":"ca","potentialAction":[{"@type":"ReadAction","target":["https:\/\/eurotripas.es\/ca\/politica-de-privacidad\/"]}]},{"@type":"BreadcrumbList","@id":"https:\/\/eurotripas.es\/ca\/politica-de-privacidad\/#breadcrumb","itemListElement":[{"@type":"ListItem","position":1,"name":"Portada","item":"https:\/\/eurotripas.es\/fr\/"},{"@type":"ListItem","position":2,"name":"Pol\u00edtica De Privacitat"}]},{"@type":"WebSite","@id":"https:\/\/eurotripas.es\/es\/#website","url":"https:\/\/eurotripas.es\/es\/","name":"Eurotripas","description":"Calidad y experiencia","publisher":{"@id":"https:\/\/eurotripas.es\/es\/#organization"},"potentialAction":[{"@type":"SearchAction","target":{"@type":"EntryPoint","urlTemplate":"https:\/\/eurotripas.es\/es\/?s={search_term_string}"},"query-input":{"@type":"PropertyValueSpecification","valueRequired":true,"valueName":"search_term_string"}}],"inLanguage":"ca"},{"@type":"Organization","@id":"https:\/\/eurotripas.es\/es\/#organization","name":"Eurotripas","url":"https:\/\/eurotripas.es\/es\/","logo":{"@type":"ImageObject","inLanguage":"ca","@id":"https:\/\/eurotripas.es\/es\/#\/schema\/logo\/image\/","url":"https:\/\/eurotripas.es\/wp-content\/uploads\/2023\/02\/LOGO-Eurotripas-png.png","contentUrl":"https:\/\/eurotripas.es\/wp-content\/uploads\/2023\/02\/LOGO-Eurotripas-png.png","width":540,"height":266,"caption":"Eurotripas"},"image":{"@id":"https:\/\/eurotripas.es\/es\/#\/schema\/logo\/image\/"}}]}},"_links":{"self":[{"href":"https:\/\/eurotripas.es\/ca\/wp-json\/wp\/v2\/pages\/13766","targetHints":{"allow":["GET"]}}],"collection":[{"href":"https:\/\/eurotripas.es\/ca\/wp-json\/wp\/v2\/pages"}],"about":[{"href":"https:\/\/eurotripas.es\/ca\/wp-json\/wp\/v2\/types\/page"}],"author":[{"embeddable":true,"href":"https:\/\/eurotripas.es\/ca\/wp-json\/wp\/v2\/users\/1"}],"replies":[{"embeddable":true,"href":"https:\/\/eurotripas.es\/ca\/wp-json\/wp\/v2\/comments?post=13766"}],"version-history":[{"count":2,"href":"https:\/\/eurotripas.es\/ca\/wp-json\/wp\/v2\/pages\/13766\/revisions"}],"predecessor-version":[{"id":13788,"href":"https:\/\/eurotripas.es\/ca\/wp-json\/wp\/v2\/pages\/13766\/revisions\/13788"}],"wp:attachment":[{"href":"https:\/\/eurotripas.es\/ca\/wp-json\/wp\/v2\/media?parent=13766"}],"curies":[{"name":"wp","href":"https:\/\/api.w.org\/{rel}","templated":true}]}}